{"id":169,"date":"2023-11-21T15:58:14","date_gmt":"2023-11-21T14:58:14","guid":{"rendered":"https:\/\/azubiwerk.de\/?page_id=169"},"modified":"2025-05-05T08:33:56","modified_gmt":"2025-05-05T06:33:56","slug":"home","status":"publish","type":"page","link":"https:\/\/azubiwerk.de\/tr\/","title":{"rendered":"Ev"},"content":{"rendered":"<div class=\"wp-block-group background-gradient1 has-neve-link-color-background-color has-background has-x-large-font-size\"><div class=\"wp-block-group__inner-container is-layout-constrained wp-block-group-is-layout-constrained\">\n<figure class=\"wp-block-gallery has-nested-images columns-4 is-cropped width85 wp-block-gallery-1 is-layout-flex wp-block-gallery-is-layout-flex\" style=\"padding-top:var(--wp--preset--spacing--70);padding-right:var(--wp--preset--spacing--30);padding-bottom:var(--wp--preset--spacing--70);padding-left:var(--wp--preset--spacing--30)\">\n<figure class=\"wp-block-image size-full has-custom-border padding1_5 is-style-rounded\"><a href=\"https:\/\/azubiwerk.de\/tr\/zimmer\/\"><img loading=\"lazy\" decoding=\"async\" width=\"2560\" height=\"1707\" src=\"https:\/\/azubiwerk.de\/wp-content\/uploads\/2024\/01\/IMG_3074-2-scaled.jpg\" alt=\"\" class=\"wp-image-1226\" style=\"border-style:none;border-width:0px\" srcset=\"https:\/\/azubiwerk.de\/wp-content\/uploads\/2024\/01\/IMG_3074-2-scaled.jpg 2560w, https:\/\/azubiwerk.de\/wp-content\/uploads\/2024\/01\/IMG_3074-2-300x200.jpg 300w, https:\/\/azubiwerk.de\/wp-content\/uploads\/2024\/01\/IMG_3074-2-1024x683.jpg 1024w, https:\/\/azubiwerk.de\/wp-content\/uploads\/2024\/01\/IMG_3074-2-768x512.jpg 768w, https:\/\/azubiwerk.de\/wp-content\/uploads\/2024\/01\/IMG_3074-2-1536x1024.jpg 1536w, https:\/\/azubiwerk.de\/wp-content\/uploads\/2024\/01\/IMG_3074-2-2048x1365.jpg 2048w, https:\/\/azubiwerk.de\/wp-content\/uploads\/2024\/01\/IMG_3074-2-18x12.jpg 18w, https:\/\/azubiwerk.de\/wp-content\/uploads\/2024\/01\/IMG_3074-2-930x620.jpg 930w\" sizes=\"auto, (max-width: 2560px) 100vw, 2560px\" \/><\/a><figcaption class=\"wp-element-caption\">Oda<\/figcaption><\/figure>\n\n\n\n<figure class=\"wp-block-image size-full padding1_5 is-style-rounded\"><a href=\"https:\/\/azubiwerk.de\/tr\/#standorte\"><img loading=\"lazy\" decoding=\"async\" width=\"985\" height=\"945\" src=\"https:\/\/azubiwerk.de\/wp-content\/uploads\/2023\/12\/standorte.png\" alt=\"\" class=\"wp-image-1169\" srcset=\"https:\/\/azubiwerk.de\/wp-content\/uploads\/2023\/12\/standorte.png 985w, https:\/\/azubiwerk.de\/wp-content\/uploads\/2023\/12\/standorte-300x288.png 300w, https:\/\/azubiwerk.de\/wp-content\/uploads\/2023\/12\/standorte-768x737.png 768w, https:\/\/azubiwerk.de\/wp-content\/uploads\/2023\/12\/standorte-13x12.png 13w\" sizes=\"auto, (max-width: 985px) 100vw, 985px\" \/><\/a><figcaption class=\"wp-element-caption\">Konumlar<\/figcaption><\/figure>\n\n\n\n<figure class=\"wp-block-image size-full padding1_5 is-style-rounded\"><a href=\"\/tr\/karriere\/\"><img loading=\"lazy\" decoding=\"async\" width=\"1000\" height=\"1000\" src=\"https:\/\/azubiwerk.de\/wp-content\/uploads\/2024\/03\/empfang.jpg\" alt=\"\" class=\"wp-image-2004\" srcset=\"https:\/\/azubiwerk.de\/wp-content\/uploads\/2024\/03\/empfang.jpg 1000w, https:\/\/azubiwerk.de\/wp-content\/uploads\/2024\/03\/empfang-300x300.jpg 300w, https:\/\/azubiwerk.de\/wp-content\/uploads\/2024\/03\/empfang-150x150.jpg 150w, https:\/\/azubiwerk.de\/wp-content\/uploads\/2024\/03\/empfang-768x768.jpg 768w, https:\/\/azubiwerk.de\/wp-content\/uploads\/2024\/03\/empfang-12x12.jpg 12w\" sizes=\"auto, (max-width: 1000px) 100vw, 1000px\" \/><\/a><figcaption class=\"wp-element-caption\">Kariyer<\/figcaption><\/figure>\n\n\n\n<figure class=\"wp-block-image size-full padding1_5 is-style-rounded\"><a href=\"\/tr\/stiftung\/\"><img loading=\"lazy\" decoding=\"async\" width=\"800\" height=\"800\" src=\"https:\/\/azubiwerk.de\/wp-content\/uploads\/2024\/02\/muenzviertel_quadrat.jpg\" alt=\"\" class=\"wp-image-1872\" srcset=\"https:\/\/azubiwerk.de\/wp-content\/uploads\/2024\/02\/muenzviertel_quadrat.jpg 800w, https:\/\/azubiwerk.de\/wp-content\/uploads\/2024\/02\/muenzviertel_quadrat-300x300.jpg 300w, https:\/\/azubiwerk.de\/wp-content\/uploads\/2024\/02\/muenzviertel_quadrat-150x150.jpg 150w, https:\/\/azubiwerk.de\/wp-content\/uploads\/2024\/02\/muenzviertel_quadrat-768x768.jpg 768w, https:\/\/azubiwerk.de\/wp-content\/uploads\/2024\/02\/muenzviertel_quadrat-12x12.jpg 12w\" sizes=\"auto, (max-width: 800px) 100vw, 800px\" \/><\/a><figcaption class=\"wp-element-caption\">Vak\u0131f<\/figcaption><\/figure>\n<\/figure>\n<\/div><\/div>\n\n\n\n<div class=\"wp-block-group padding2_5 background-gradient2 has-nv-c-1-background-color has-background has-small-font-size\"><div class=\"wp-block-group__inner-container is-layout-constrained wp-block-group-is-layout-constrained\">\n<h2 class=\"wp-block-heading alignfull has-text-align-center has-large-font-size\" style=\"text-transform:none\">Azubiwerk'te Ya\u015fam<\/h2>\n\n\n\n<p class=\"has-text-align-center has-medium-font-size\">K\u00fc\u00e7\u00fck ortak dairelerde ya\u015famak ve bir\u00e7ok ortak alan ve etkinlik, binam\u0131z\u0131 sadece bir daire koleksiyonundan daha fazlas\u0131 haline getiriyor - metropol\u00fcn eteklerinde de\u011fil, \u015fehrin merkezinde elveri\u015fli bir konumda bulunan g\u00fc\u00e7l\u00fc bir sosyal \u00e7evreye sahip ger\u00e7ek bir ev.<\/p>\n\n\n\n<div class=\"wp-block-group\"><div class=\"wp-block-group__inner-container is-layout-constrained wp-block-group-is-layout-constrained\">\n<h1 class=\"wp-block-heading\">Sorular\/Cevaplar<\/h1>\n\n\n\n<p class=\"has-medium-font-size\">Ba\u015fvurular, kira s\u00f6zle\u015fmeleri, yurtlar ve tesisler hakk\u0131nda sorular ve cevaplar.<\/p>\n\n\n\n<div class=\"wp-block-group has-nv-text-dark-bg-color has-neve-link-color-background-color has-text-color has-background has-link-color wp-elements-3bfa1ffb1701f9665cb6aef1cebc4d56\" style=\"padding-right:var(--wp--preset--spacing--30);padding-left:var(--wp--preset--spacing--30)\"><div class=\"wp-block-group__inner-container is-layout-constrained wp-container-core-group-is-layout-2 wp-block-group-is-layout-constrained\">\n<div style=\"height:55px\" aria-hidden=\"true\" class=\"wp-block-spacer\"><\/div>\n\n\n\n<h2 class=\"wp-block-heading\" style=\"padding-top:var(--wp--preset--spacing--30);padding-right:var(--wp--preset--spacing--30);padding-bottom:var(--wp--preset--spacing--30);padding-left:var(--wp--preset--spacing--30)\">Uygulama<\/h2>\n\n\n\n<details class=\"wp-block-details is-layout-flow wp-block-details-is-layout-flow\" style=\"padding-top:var(--wp--preset--spacing--30);padding-right:var(--wp--preset--spacing--40);padding-bottom:var(--wp--preset--spacing--30);padding-left:var(--wp--preset--spacing--40)\"><summary><strong>Kimler ba\u015fvurabilir?<\/strong><\/summary>\n<p>T\u00fcm stajyerler ba\u015fvurabilir, yani bir e\u011fitim s\u00f6zle\u015fmeniz varsa veya imzalamak \u00fczereyseniz ba\u015fvurabilirsiniz. \u0130\u015fvereniniz veya e\u011fitim \u015firketiniz Hamburg'da bulunmal\u0131d\u0131r. E\u011fitim, okul temelli veya ikili e\u011fitim olup olmad\u0131\u011f\u0131na bak\u0131lmaks\u0131z\u0131n devlet taraf\u0131ndan tan\u0131nm\u0131\u015f olmal\u0131d\u0131r. En az 16 ya\u015f\u0131nda ve 26 ya\u015f\u0131ndan b\u00fcy\u00fck olmamal\u0131s\u0131n\u0131z. Wandsbek'teki yurtlar\u0131m\u0131zda 16 ya\u015f\u0131ndan itibaren kalabilirsiniz. Harburg'daki yurtlar\u0131m\u0131zda sadece yeti\u015fkin stajyerler (en az 18 ya\u015f\u0131nda) kalabilir. \u00d6\u011frencilere bizde oda verilmez, ancak Studierendenwerk'te bir oda i\u00e7in ba\u015fvurabilirler.<\/p>\n<\/details>\n\n\n\n<details class=\"wp-block-details is-layout-flow wp-block-details-is-layout-flow\" style=\"padding-top:var(--wp--preset--spacing--30);padding-right:var(--wp--preset--spacing--40);padding-bottom:var(--wp--preset--spacing--30);padding-left:var(--wp--preset--spacing--40)\"><summary><strong>Nas\u0131l ba\u015fvurabilirim?<\/strong><\/summary>\n<p>Ba\u015fvurular sadece ba\u015fvuru formu arac\u0131l\u0131\u011f\u0131yla yap\u0131labilir:&nbsp;<a href=\"https:\/\/azubiwerk-hamburg.de\/standorte\/zimmerbewerbung\/\"><strong>ba\u015fvuru formuna<\/strong><\/a><\/p>\n<\/details>\n\n\n\n<details class=\"wp-block-details is-layout-flow wp-block-details-is-layout-flow\" style=\"padding-top:var(--wp--preset--spacing--30);padding-right:var(--wp--preset--spacing--40);padding-bottom:var(--wp--preset--spacing--30);padding-left:var(--wp--preset--spacing--40)\"><summary><strong>Taahh\u00fctleri vermek i\u00e7in hangi kriterler kullan\u0131l\u0131yor?<\/strong><\/summary>\n<p>Odalar\u0131, \u00f6nceki ikamet yeri, ya\u015f veya e\u011fitim \u015firketinin b\u00fcy\u00fckl\u00fc\u011f\u00fc gibi sosyal kriterlere g\u00f6re tahsis ediyoruz.<\/p>\n<\/details>\n\n\n\n<details class=\"wp-block-details is-layout-flow wp-block-details-is-layout-flow\" style=\"padding-top:var(--wp--preset--spacing--30);padding-right:var(--wp--preset--spacing--40);padding-bottom:var(--wp--preset--spacing--30);padding-left:var(--wp--preset--spacing--40)\"><summary><strong>Ba\u015fvurumdan sonra kabul edilip edilmedi\u011fime dair ne zaman bir cevap alaca\u011f\u0131m?<\/strong><\/summary>\n<p>In der Regel antworten wir auf Bewerbungen innerhalb von vier Woche. Du bekommst entweder eine Absage, die Info, dass du auf der Warteliste bist, oder wirst ins weitere Verfahren aufgenommen.<\/p>\n<\/details>\n\n\n\n<details class=\"wp-block-details is-layout-flow wp-block-details-is-layout-flow\" style=\"padding-top:var(--wp--preset--spacing--30);padding-right:var(--wp--preset--spacing--40);padding-bottom:var(--wp--preset--spacing--30);padding-left:var(--wp--preset--spacing--40)\"><summary><strong>Bekleme listesindeysem, daha sonra bir kabul veya iptal alacak m\u0131y\u0131m?<\/strong><\/summary>\n<p>Ne yaz\u0131k ki, yer bulma \u015fans\u0131n\u0131z hakk\u0131nda hen\u00fcz bir a\u00e7\u0131klama yapam\u0131yoruz. Bilgilerinizi kaydetti\u011fimiz i\u00e7in \u015fimdilik bekleme listesinde kalacaks\u0131n\u0131z ve d\u00fczenli aral\u0131klarla taraf\u0131m\u0131zdan bilgilendirileceksiniz.<\/p>\n<\/details>\n\n\n\n<details class=\"wp-block-details is-layout-flow wp-block-details-is-layout-flow\" style=\"padding-top:var(--wp--preset--spacing--30);padding-right:var(--wp--preset--spacing--40);padding-bottom:var(--wp--preset--spacing--30);padding-left:var(--wp--preset--spacing--40)\"><summary><strong>Ba\u015fvuru s\u0131ras\u0131nda bilgilerim de\u011fi\u015fti (\u00f6rne\u011fin e\u011fitim \u015firketi de\u011fi\u015fti): \u015fimdi ne olacak?<\/strong><\/summary>\n<p>De\u011fi\u015fiklik veya d\u00fczeltme durumunda, de\u011fi\u015ftirilen veriler derhal e-posta ile a\u015fa\u011f\u0131daki adrese g\u00f6nderilmelidir&nbsp;<a href=\"mailto:info@azubiwerk.de\">zimmer@azubiwerk.de<\/a>&nbsp;B\u00f6ylece bunlar\u0131 sisteme girebiliriz. \u00d6nemli: Gerekirse, eski formun iptal edilece\u011fini ve yeni bir form g\u00f6nderece\u011finizi belirten bir e-posta mesaj\u0131na ihtiyac\u0131m\u0131z var.<\/p>\n<\/details>\n\n\n\n<details class=\"wp-block-details is-layout-flow wp-block-details-is-layout-flow\" style=\"padding-top:var(--wp--preset--spacing--30);padding-right:var(--wp--preset--spacing--40);padding-bottom:var(--wp--preset--spacing--30);padding-left:var(--wp--preset--spacing--40)\"><summary><strong>\u0130leri i\u015flemler i\u00e7in kabul edildim, \u015fimdi ne yapmam gerekiyor?<\/strong><\/summary>\n<p>Art\u0131k bir sonraki m\u00fcsait odalar i\u00e7in k\u0131sa listedesiniz. Daha sonra bizden daha fazla bilgi talep etti\u011fimiz bir form i\u00e7in bir ba\u011flant\u0131 alacaks\u0131n\u0131z. Bu formu bir hafta i\u00e7inde yan\u0131tlaman\u0131z gerekmektedir. \u00d6nemli: Di\u011fer prosed\u00fcre dahil olman\u0131z ba\u011flay\u0131c\u0131 bir oda onay\u0131 de\u011fildir.<\/p>\n<\/details>\n\n\n\n<details class=\"wp-block-details is-layout-flow wp-block-details-is-layout-flow\" style=\"padding-top:var(--wp--preset--spacing--30);padding-right:var(--wp--preset--spacing--40);padding-bottom:var(--wp--preset--spacing--30);padding-left:var(--wp--preset--spacing--40)\"><summary><strong>E\u011fitim s\u00f6zle\u015fmemi hen\u00fcz imzalamad\u0131m, \u015fimdi ne olacak?<\/strong><\/summary>\n<p>Hen\u00fcz e\u011fitim s\u00f6zle\u015fmeniz yoksa, alternatif olarak gelecekteki e\u011fitim \u015firketinizden orada e\u011fitim alaca\u011f\u0131n\u0131z\u0131 belirten bir onay mektubu g\u00f6nderebilirsiniz.<\/p>\n<\/details>\n\n\n\n<div style=\"height:55px\" aria-hidden=\"true\" class=\"wp-block-spacer\"><\/div>\n<\/div><\/div>\n\n\n\n<div class=\"wp-block-group\" style=\"padding-right:var(--wp--preset--spacing--30);padding-left:var(--wp--preset--spacing--30)\"><div class=\"wp-block-group__inner-container is-layout-constrained wp-container-core-group-is-layout-3 wp-block-group-is-layout-constrained\">\n<div style=\"height:55px\" aria-hidden=\"true\" class=\"wp-block-spacer\"><\/div>\n\n\n\n<h2 class=\"wp-block-heading\" style=\"padding-top:var(--wp--preset--spacing--30);padding-right:var(--wp--preset--spacing--30);padding-bottom:var(--wp--preset--spacing--30);padding-left:var(--wp--preset--spacing--30);text-transform:capitalize\">Kira s\u00f6zle\u015fmesi<\/h2>\n\n\n\n<details class=\"wp-block-details is-layout-flow wp-block-details-is-layout-flow\" style=\"padding-top:var(--wp--preset--spacing--30);padding-right:var(--wp--preset--spacing--30);padding-bottom:var(--wp--preset--spacing--30);padding-left:var(--wp--preset--spacing--30)\"><summary><strong>Bir e\u011fitim s\u00f6zle\u015fmem yoksa ama yine de bir i\u015f i\u00e7in g\u00f6r\u00fc\u015f\u00fcyorsam bir kira s\u00f6zle\u015fmesi alabilir miyim?<\/strong><\/summary>\n<p>Hen\u00fcz bir e\u011fitim s\u00f6zle\u015fmeniz veya bir e\u011fitim \u015firketinden onay\u0131n\u0131z yoksa, kira s\u00f6zle\u015fmesi yap\u0131lamaz. Bu durumda ad\u0131n\u0131z tekrar bekleme listesine al\u0131nacakt\u0131r.<\/p>\n<\/details>\n\n\n\n<details class=\"wp-block-details is-layout-flow wp-block-details-is-layout-flow\" style=\"padding-top:var(--wp--preset--spacing--30);padding-right:var(--wp--preset--spacing--30);padding-bottom:var(--wp--preset--spacing--30);padding-left:var(--wp--preset--spacing--30)\"><summary><strong>T\u00fcm belgeleri teslim ettim: kira s\u00f6zle\u015fmeleri ne zaman imzalanacak?<\/strong><\/summary>\n<p>T\u00fcm belgelerinizi ald\u0131ktan ve kontrol ettikten sonra, sizi bir sonraki oda tahsisi i\u00e7in de\u011ferlendirece\u011fiz. Genellikle 2-4 hafta sonra daha fazla bilgi alacaks\u0131n\u0131z. \u00d6nemli: Sonraki prosed\u00fcre dahil edilmeniz ba\u011flay\u0131c\u0131 bir oda tahsisi de\u011fildir.<\/p>\n<\/details>\n\n\n\n<details class=\"wp-block-details is-layout-flow wp-block-details-is-layout-flow\" style=\"padding-top:var(--wp--preset--spacing--30);padding-right:var(--wp--preset--spacing--30);padding-bottom:var(--wp--preset--spacing--30);padding-left:var(--wp--preset--spacing--30)\"><summary><strong>Depozitonun tamam\u0131n\u0131 transfer edemezsem ne yapmal\u0131y\u0131m?<\/strong><\/summary>\n<p>Depozito da kira gibi her zaman tam olarak \u00f6denmelidir. Maddi s\u0131k\u0131nt\u0131lar\u0131n\u0131z varsa, i\u015f bulma kurumundan kredi alabilirsiniz. Bunun i\u00e7in l\u00fctfen Gen\u00e7lik \u0130stihdam Kurumu ile ileti\u015fime ge\u00e7in:&nbsp;<a href=\"http:\/\/www.jba-hamburg.de\/\">Buraya t\u0131klay\u0131n<\/a>.<\/p>\n<\/details>\n\n\n\n<details class=\"wp-block-details is-layout-flow wp-block-details-is-layout-flow\" style=\"padding-top:var(--wp--preset--spacing--30);padding-right:var(--wp--preset--spacing--30);padding-bottom:var(--wp--preset--spacing--30);padding-left:var(--wp--preset--spacing--30)\"><summary><strong>Bir oda se\u00e7ebilir miyim yoksa bana bir oda m\u0131 tahsis edilecek?<\/strong><\/summary>\n<p>T\u00fcm talepleri dikkate almaya gayret ediyoruz. Ancak, daire kompozisyonunun \u00e7\u0131karlar\u0131 do\u011frultusunda aksi y\u00f6nde karar verebiliriz.<\/p>\n<\/details>\n\n\n\n<details class=\"wp-block-details is-layout-flow wp-block-details-is-layout-flow\" style=\"padding-top:var(--wp--preset--spacing--30);padding-right:var(--wp--preset--spacing--30);padding-bottom:var(--wp--preset--spacing--30);padding-left:var(--wp--preset--spacing--30)\"><summary><strong>Bir daireyi kiminle payla\u015fmak istedi\u011fimi se\u00e7ebilir miyim?<\/strong><\/summary>\n<p>Prensip olarak, belirli bir ev arkada\u015f\u0131 talebinizi de dikkate almaya \u00e7al\u0131\u015faca\u011f\u0131z (bunu isimle belirtmeniz halinde). Ancak, aksi y\u00f6nde karar verebiliriz, \u00e7\u00fcnk\u00fc aksi takdirde oda tahsisi \u00e7al\u0131\u015fmayacakt\u0131r.<\/p>\n<\/details>\n\n\n\n<details class=\"wp-block-details is-layout-flow wp-block-details-is-layout-flow\" style=\"padding-top:var(--wp--preset--spacing--30);padding-right:var(--wp--preset--spacing--30);padding-bottom:var(--wp--preset--spacing--30);padding-left:var(--wp--preset--spacing--30)\"><summary><strong>Kira s\u00f6zle\u015fmesini imzalamadan veya ta\u015f\u0131nmadan \u00f6nce daire pay\u0131mda ba\u015fka kimlerin ya\u015fayaca\u011f\u0131n\u0131 s\u00f6yleyebilir misiniz?<\/strong><\/summary>\n<p>Ne yaz\u0131k ki, veri koruma nedenleriyle, size gelecekteki ev arkada\u015flar\u0131n\u0131z\u0131n isimlerini ve ileti\u015fim bilgilerini veremiyoruz.<\/p>\n<\/details>\n\n\n\n<details class=\"wp-block-details is-layout-flow wp-block-details-is-layout-flow\" style=\"padding-top:var(--wp--preset--spacing--30);padding-right:var(--wp--preset--spacing--30);padding-bottom:var(--wp--preset--spacing--30);padding-left:var(--wp--preset--spacing--30)\"><summary><strong>Doluluk s\u00fcresi boyunca oda de\u011fi\u015ftirebilir miyim?<\/strong><\/summary>\n<p>Bu sadece hakl\u0131 istisnai durumlarda m\u00fcmk\u00fcnd\u00fcr.<\/p>\n<\/details>\n\n\n\n<details class=\"wp-block-details is-layout-flow wp-block-details-is-layout-flow\" style=\"padding-top:var(--wp--preset--spacing--30);padding-right:var(--wp--preset--spacing--30);padding-bottom:var(--wp--preset--spacing--30);padding-left:var(--wp--preset--spacing--30)\"><summary><strong>Kira s\u00f6zle\u015fmesinin s\u00fcresi ne kadard\u0131r?<\/strong><\/summary>\n<p>Kira s\u00f6zle\u015fmesinin s\u00fcresi her zaman e\u011fitim program\u0131n\u0131n sonuna kadar art\u0131 3 ayd\u0131r.<\/p>\n<\/details>\n\n\n\n<details class=\"wp-block-details is-layout-flow wp-block-details-is-layout-flow\" style=\"padding-top:var(--wp--preset--spacing--30);padding-right:var(--wp--preset--spacing--30);padding-bottom:var(--wp--preset--spacing--30);padding-left:var(--wp--preset--spacing--30)\"><summary><strong>\u0130ptal s\u00fcresi ne kadard\u0131r?<\/strong><\/summary>\n<p>Yasal h\u00fck\u00fcmler uyar\u0131nca, kira s\u00f6zle\u015fmesi bir takvim ay\u0131n\u0131n \u00fc\u00e7\u00fcnc\u00fc i\u015f g\u00fcn\u00fcnde bir sonraki takvim ay\u0131n\u0131n sonu i\u00e7in feshedilebilir. Bu, \u00f6rne\u011fin \u015fu anlama gelir: Kira s\u00f6zle\u015fmenizi en ge\u00e7 3 Nisan tarihinde feshederseniz, s\u00f6zle\u015fme Haziran ay\u0131n\u0131n sonuna kadar devam edecektir.<\/p>\n<\/details>\n\n\n\n<details class=\"wp-block-details is-layout-flow wp-block-details-is-layout-flow\" style=\"padding-top:var(--wp--preset--spacing--30);padding-right:var(--wp--preset--spacing--30);padding-bottom:var(--wp--preset--spacing--30);padding-left:var(--wp--preset--spacing--30)\"><summary><strong>Kiralama masraflar\u0131na ek olarak ne gibi masraflar ortaya \u00e7\u0131k\u0131yor?<\/strong><\/summary>\n<p>Her \u015fey dahil kira, t\u00fcm yan masraflar\u0131 (\u0131s\u0131tma, su, \u00e7\u00f6p \u00fccretleri vb.), elektrik, internet ve telefonu kapsamaktad\u0131r.<\/p>\n<\/details>\n\n\n\n<details class=\"wp-block-details is-layout-flow wp-block-details-is-layout-flow\" style=\"padding-top:var(--wp--preset--spacing--30);padding-right:var(--wp--preset--spacing--30);padding-bottom:var(--wp--preset--spacing--30);padding-left:var(--wp--preset--spacing--30)\"><summary><strong>Kira s\u00f6zle\u015fmesinde, ayda 30 \u20ac kar\u015f\u0131l\u0131\u011f\u0131nda bir otomatik \u00f6deme yetkilendirmesi veya SEPA otomatik \u00f6deme talimat\u0131 imzalamam gerekiyor. Neden?<\/strong><\/summary>\n<p>\u0130mzan\u0131zla bize - gerekti\u011finde - hesab\u0131n\u0131zdan ayda en fazla 30 Euro tutar\u0131nda kira borcu \u00e7ekme f\u0131rsat\u0131 veriyorsunuz. Azubiwerk'den bir \u015fey sat\u0131n almak isterseniz (\u00f6rne\u011fin bask\u0131l\u0131 bir kazak), paray\u0131 hesab\u0131n\u0131zdan da \u00e7ekebiliriz. Bu d\u00fczenli bir otomatik \u00f6deme de\u011fildir, ancak bize yaln\u0131zca \u00f6nceden bildirimde bulunarak otomatik \u00f6deme yapma yetkisi verirsiniz.<\/p>\n<\/details>\n\n\n\n<div style=\"height:55px\" aria-hidden=\"true\" class=\"wp-block-spacer\"><\/div>\n<\/div><\/div>\n\n\n\n<div class=\"wp-block-group has-nv-text-dark-bg-color has-neve-link-color-background-color has-text-color has-background has-link-color wp-elements-48eb9dfa74979181b9576ba86c2a25c0\" style=\"padding-right:var(--wp--preset--spacing--30);padding-left:var(--wp--preset--spacing--30)\"><div class=\"wp-block-group__inner-container is-layout-constrained wp-container-core-group-is-layout-4 wp-block-group-is-layout-constrained\">\n<div style=\"height:55px\" aria-hidden=\"true\" class=\"wp-block-spacer\"><\/div>\n\n\n\n<h2 class=\"wp-block-heading\" style=\"padding-top:var(--wp--preset--spacing--30);padding-right:var(--wp--preset--spacing--30);padding-bottom:var(--wp--preset--spacing--30);padding-left:var(--wp--preset--spacing--30);text-transform:capitalize\">Konut salonlar\u0131<\/h2>\n\n\n\n<details class=\"wp-block-details is-layout-flow wp-block-details-is-layout-flow\" style=\"padding-top:var(--wp--preset--spacing--30);padding-right:var(--wp--preset--spacing--30);padding-bottom:var(--wp--preset--spacing--30);padding-left:var(--wp--preset--spacing--30)\"><summary><strong><strong>Birka\u00e7 tarih belirttiysem hangi ta\u015f\u0131nma tarihinde daireye ta\u015f\u0131nabilirim?<\/strong><\/strong><\/summary>\n<p>Genellikle en erken tarihi se\u00e7eriz.<\/p>\n<\/details>\n\n\n\n<details class=\"wp-block-details is-layout-flow wp-block-details-is-layout-flow\" style=\"padding-top:var(--wp--preset--spacing--30);padding-right:var(--wp--preset--spacing--30);padding-bottom:var(--wp--preset--spacing--30);padding-left:var(--wp--preset--spacing--30)\"><summary><strong><strong>Ev kurallar\u0131 var m\u0131?<\/strong><\/strong><\/summary>\n<p>Evet, ev kurallar\u0131, kullan\u0131m kurallar\u0131 ile birlikte kira s\u00f6zle\u015fmesine ek olarak eklenir.<\/p>\n<\/details>\n\n\n\n<details class=\"wp-block-details is-layout-flow wp-block-details-is-layout-flow\" style=\"padding-top:var(--wp--preset--spacing--30);padding-right:var(--wp--preset--spacing--30);padding-bottom:var(--wp--preset--spacing--30);padding-left:var(--wp--preset--spacing--30)\"><summary><strong>Yurtta ziyaret\u00e7i kabul edebilir miyim?<\/strong><\/summary>\n<p>Prensip olarak, konut salonunda ziyaret\u00e7i kabul edebilirsiniz, ancak konut kurallar\u0131 ve kullan\u0131m kurallar\u0131 belirli kurallar \u00f6ng\u00f6rmektedir. \u00d6rne\u011fin, ziyaret\u00e7iler ayda sadece toplam 8 g\u00fcn sizinle birlikte geceleyebilir ve dairelerde parti d\u00fczenlenemez (ortak odalar bu ama\u00e7 i\u00e7in kullan\u0131labilir).<\/p>\n<\/details>\n\n\n\n<details class=\"wp-block-details is-layout-flow wp-block-details-is-layout-flow\" style=\"padding-top:var(--wp--preset--spacing--30);padding-right:var(--wp--preset--spacing--30);padding-bottom:var(--wp--preset--spacing--30);padding-left:var(--wp--preset--spacing--30)\"><summary><strong>\u00c7ama\u015f\u0131rlar\u0131m\u0131 nerede y\u0131kayabilirim?<\/strong><\/summary>\n<p>Bodrum kat\u0131nda \u00e7ama\u015f\u0131r ve kurutma makinelerinin bulundu\u011fu bir \u00e7ama\u015f\u0131r odas\u0131 vard\u0131r (\u00fccret kar\u015f\u0131l\u0131\u011f\u0131nda).<\/p>\n<\/details>\n\n\n\n<div style=\"height:55px\" aria-hidden=\"true\" class=\"wp-block-spacer\"><\/div>\n<\/div><\/div>\n<\/div><\/div>\n\n\n<div class=\"oxi-addons-container   oxi-addons-flipbox-template-style5\">        <div class=\"oxilab-flip-box-wrapper\">\n                                <div class=\"oxilab-flip-box-col-6 oxilab-flip-box-padding-1\"\n                        sa-data-animation=\"\"\n                        sa-data-animation-offset=\"100%\"\r\n                        sa-data-animation-delay=\"0ms\"\r\n                        sa-data-animation-duration=\" 30000ms\"\n                        >\r\n                        <div class=\"oxilab-flip-box-body-1 oxilab-flip-box-body-1-28\">\n                                                        <div class=\"oxilab-flip-box-body-absulote\">\n                                <div class=\"oxilab-flip-box-flip oxilab-flip-box-flip-top-to-bottom\">\n                                    <div class=\"oxilab-flip-box-style-data easing_easeInOutExpo\">\n                                        <div class=\"oxilab-flip-box-style\">\n                                            <div class=\"oxilab-flip-box-front\">\n                                                <div class=\"oxilab-flip-box-1\">\n                                                    <div class=\"oxilab-flip-box-1-data\">\n\n                                                    <\/div>\n                                                <\/div>\n                                            <\/div>\n                                            <div class=\"oxilab-flip-box-back\">\n                                                <div class=\"oxilab-flip-box-back-1\">\n                                                    <div class=\"oxilab-flip-box-back-1-data\">\n                                                        <div class=\"oxilab-heading\">\n                                                            RESEPS\u0130YON                                                        <\/div>\n                                                        <div class=\"oxilab-info\">\n                                                            Resepsiyon personelimiz her t\u00fcrl\u00fc sorunuzda size yard\u0131mc\u0131 olmaktan ve tavsiyelerde bulunmaktan mutluluk duyacakt\u0131r.                                                        <\/div>\n                                                                                                            <\/div>\n                                                <\/div>\n                                            <\/div>\n                                        <\/div>\n                                    <\/div>\n                                <\/div>\n                            <\/div>\n                                                    <\/div>\n\n\n                        \n                    <\/div>\n                                        <div class=\"oxilab-flip-box-col-6 oxilab-flip-box-padding-1\"\n                        sa-data-animation=\"\"\n                        sa-data-animation-offset=\"100%\"\r\n                        sa-data-animation-delay=\"0ms\"\r\n                        sa-data-animation-duration=\" 30000ms\"\n                        >\r\n                        <div class=\"oxilab-flip-box-body-1 oxilab-flip-box-body-1-29\">\n                                                        <div class=\"oxilab-flip-box-body-absulote\">\n                                <div class=\"oxilab-flip-box-flip oxilab-flip-box-flip-top-to-bottom\">\n                                    <div class=\"oxilab-flip-box-style-data easing_easeInOutExpo\">\n                                        <div class=\"oxilab-flip-box-style\">\n                                            <div class=\"oxilab-flip-box-front\">\n                                                <div class=\"oxilab-flip-box-1\">\n                                                    <div class=\"oxilab-flip-box-1-data\">\n\n                                                    <\/div>\n                                                <\/div>\n                                            <\/div>\n                                            <div class=\"oxilab-flip-box-back\">\n                                                <div class=\"oxilab-flip-box-back-1\">\n                                                    <div class=\"oxilab-flip-box-back-1-data\">\n                                                        <div class=\"oxilab-heading\">\n                                                            EK\u0130PMAN                                                        <\/div>\n                                                        <div class=\"oxilab-info\">\n                                                            Odalar\u0131m\u0131z tamamen mobilyal\u0131 ve modern donan\u0131ml\u0131d\u0131r.                                                        <\/div>\n                                                                                                            <\/div>\n                                                <\/div>\n                                            <\/div>\n                                        <\/div>\n                                    <\/div>\n                                <\/div>\n                            <\/div>\n                                                    <\/div>\n\n\n                        \n                    <\/div>\n                                        <div class=\"oxilab-flip-box-col-6 oxilab-flip-box-padding-1\"\n                        sa-data-animation=\"\"\n                        sa-data-animation-offset=\"100%\"\r\n                        sa-data-animation-delay=\"0ms\"\r\n                        sa-data-animation-duration=\" 30000ms\"\n                        >\r\n                        <div class=\"oxilab-flip-box-body-1 oxilab-flip-box-body-1-30\">\n                                                        <div class=\"oxilab-flip-box-body-absulote\">\n                                <div class=\"oxilab-flip-box-flip oxilab-flip-box-flip-top-to-bottom\">\n                                    <div class=\"oxilab-flip-box-style-data easing_easeInOutExpo\">\n                                        <div class=\"oxilab-flip-box-style\">\n                                            <div class=\"oxilab-flip-box-front\">\n                                                <div class=\"oxilab-flip-box-1\">\n                                                    <div class=\"oxilab-flip-box-1-data\">\n\n                                                    <\/div>\n                                                <\/div>\n                                            <\/div>\n                                            <div class=\"oxilab-flip-box-back\">\n                                                <div class=\"oxilab-flip-box-back-1\">\n                                                    <div class=\"oxilab-flip-box-back-1-data\">\n                                                        <div class=\"oxilab-heading\">\n                                                            MERKEZI KONUMLAR                                                        <\/div>\n                                                        <div class=\"oxilab-info\">\n                                                            D\u00f6rt lokasyonumuz merkezi konumdad\u0131r ve birbirleriyle \u00e7ok iyi ba\u011flant\u0131lara sahiptir.                                                        <\/div>\n                                                                                                            <\/div>\n                                                <\/div>\n                                            <\/div>\n                                        <\/div>\n                                    <\/div>\n                                <\/div>\n                            <\/div>\n                                                    <\/div>\n\n\n                        \n                    <\/div>\n                                        <div class=\"oxilab-flip-box-col-6 oxilab-flip-box-padding-1\"\n                        sa-data-animation=\"\"\n                        sa-data-animation-offset=\"100%\"\r\n                        sa-data-animation-delay=\"0ms\"\r\n                        sa-data-animation-duration=\" 30000ms\"\n                        >\r\n                        <div class=\"oxilab-flip-box-body-1 oxilab-flip-box-body-1-31\">\n                                                        <div class=\"oxilab-flip-box-body-absulote\">\n                                <div class=\"oxilab-flip-box-flip oxilab-flip-box-flip-top-to-bottom\">\n                                    <div class=\"oxilab-flip-box-style-data easing_easeInOutExpo\">\n                                        <div class=\"oxilab-flip-box-style\">\n                                            <div class=\"oxilab-flip-box-front\">\n                                                <div class=\"oxilab-flip-box-1\">\n                                                    <div class=\"oxilab-flip-box-1-data\">\n\n                                                    <\/div>\n                                                <\/div>\n                                            <\/div>\n                                            <div class=\"oxilab-flip-box-back\">\n                                                <div class=\"oxilab-flip-box-back-1\">\n                                                    <div class=\"oxilab-flip-box-back-1-data\">\n                                                        <div class=\"oxilab-heading\">\n                                                            UYGUN FIYATLI YA\u015eAM ALANI                                                        <\/div>\n                                                        <div class=\"oxilab-info\">\n                                                            Her stajyerin b\u00fct\u00e7esine uygun fiyatlarla kiralama yap\u0131yoruz.                                                        <\/div>\n                                                                                                            <\/div>\n                                                <\/div>\n                                            <\/div>\n                                        <\/div>\n                                    <\/div>\n                                <\/div>\n                            <\/div>\n                                                    <\/div>\n\n\n                        \n                    <\/div>\n                                        <div class=\"oxilab-flip-box-col-6 oxilab-flip-box-padding-1\"\n                        sa-data-animation=\"\"\n                        sa-data-animation-offset=\"100%\"\r\n                        sa-data-animation-delay=\"0ms\"\r\n                        sa-data-animation-duration=\" 30000ms\"\n                        >\r\n                        <div class=\"oxilab-flip-box-body-1 oxilab-flip-box-body-1-32\">\n                                                        <div class=\"oxilab-flip-box-body-absulote\">\n                                <div class=\"oxilab-flip-box-flip oxilab-flip-box-flip-top-to-bottom\">\n                                    <div class=\"oxilab-flip-box-style-data easing_easeInOutExpo\">\n                                        <div class=\"oxilab-flip-box-style\">\n                                            <div class=\"oxilab-flip-box-front\">\n                                                <div class=\"oxilab-flip-box-1\">\n                                                    <div class=\"oxilab-flip-box-1-data\">\n\n                                                    <\/div>\n                                                <\/div>\n                                            <\/div>\n                                            <div class=\"oxilab-flip-box-back\">\n                                                <div class=\"oxilab-flip-box-back-1\">\n                                                    <div class=\"oxilab-flip-box-back-1-data\">\n                                                        <div class=\"oxilab-heading\">\n                                                            TOPLUM                                                        <\/div>\n                                                        <div class=\"oxilab-info\">\n                                                            T\u00fcm sakinler aras\u0131nda harika bir etkile\u015fim i\u00e7in alan, fikirler ve f\u0131rsatlar sunuyoruz.                                                        <\/div>\n                                                                                                            <\/div>\n                                                <\/div>\n                                            <\/div>\n                                        <\/div>\n                                    <\/div>\n                                <\/div>\n                            <\/div>\n                                                    <\/div>\n\n\n                        \n                    <\/div>\n                    \n\n        <\/div>\n        <\/div>\n\n\n\n<div class=\"wp-block-buttons is-horizontal is-content-justification-center is-layout-flex wp-container-core-buttons-is-layout-1 wp-block-buttons-is-layout-flex\">\n<div class=\"wp-block-button is-style-primary\"><a class=\"wp-block-button__link wp-element-button\" href=\"https:\/\/azubiwerk.de\/tr\/zimmerbewerbung\/\" target=\"_blank\" rel=\"noreferrer noopener\">\u015e\u0130MD\u0130 TA\u015eININ!<\/a><\/div>\n<\/div>\n<\/div><\/div>\n\n\n\n<div class=\"wp-block-group padding2_5 background-gradient1 has-neve-link-color-background-color has-background is-content-justification-center is-layout-flex wp-container-core-group-is-layout-9 wp-block-group-is-layout-flex\">\n<div class=\"wp-block-group wp-container-content-2\"><div class=\"wp-block-group__inner-container is-layout-constrained wp-block-group-is-layout-constrained\"><div class=\"wp-block-image is-resized is-style-default\">\n<figure class=\"aligncenter size-full\"><img loading=\"lazy\" decoding=\"async\" width=\"277\" height=\"217\" src=\"https:\/\/azubiwerk.de\/wp-content\/uploads\/2024\/02\/sterne.png\" alt=\"\" class=\"wp-image-1737\" style=\"width:148px;height:auto\" srcset=\"https:\/\/azubiwerk.de\/wp-content\/uploads\/2024\/02\/sterne.png 277w, https:\/\/azubiwerk.de\/wp-content\/uploads\/2024\/02\/sterne-15x12.png 15w\" sizes=\"auto, (max-width: 277px) 100vw, 277px\" \/><\/figure><\/div>\n\n\n<blockquote class=\"wp-block-quote has-text-align-center is-style-large has-nv-text-dark-bg-color has-text-color has-link-color wp-elements-5876928e6fbf00971ebc518f32ab4ff1 is-layout-flow wp-block-quote-is-layout-flow\">\n<p>\"Stajyerler i\u00e7in harika bir yurt. Kendi mutfa\u011f\u0131 ve banyosu olan 2 ve 4 yatakl\u0131 ortak daireler vard\u0131r. Harika ortak odalar. \u015eiddetle tavsiye edilir\"<\/p>\n<cite>- Tanja P.<\/cite><\/blockquote>\n<\/div><\/div>\n\n\n\n<div class=\"wp-block-group wp-container-content-3\"><div class=\"wp-block-group__inner-container is-layout-constrained wp-block-group-is-layout-constrained\"><div class=\"wp-block-image is-resized is-style-default\">\n<figure class=\"aligncenter size-full\"><img loading=\"lazy\" decoding=\"async\" width=\"277\" height=\"217\" src=\"https:\/\/azubiwerk.de\/wp-content\/uploads\/2024\/02\/sterne.png\" alt=\"\" class=\"wp-image-1737\" style=\"width:148px;height:auto\" srcset=\"https:\/\/azubiwerk.de\/wp-content\/uploads\/2024\/02\/sterne.png 277w, https:\/\/azubiwerk.de\/wp-content\/uploads\/2024\/02\/sterne-15x12.png 15w\" sizes=\"auto, (max-width: 277px) 100vw, 277px\" \/><\/figure><\/div>\n\n\n<blockquote class=\"wp-block-quote has-text-align-center is-style-large has-nv-text-dark-bg-color has-text-color has-link-color wp-elements-0e39435397e76085dc2dc271be5855c9 is-layout-flow wp-block-quote-is-layout-flow\">\n<p class=\"has-nv-text-dark-bg-color has-text-color has-link-color wp-elements-6d4488256c97323b0ea3e4c74d0ea75a\">\"Son derece modern ve \u00e7ok iyi donan\u0131ml\u0131 rezidans salonu. Harika odalar, uygun kiralar ve g\u00fcler y\u00fczl\u00fc personel. \u015eiddetle tavsiye edilir!\"<\/p>\n<cite>- Rune L.<\/cite><\/blockquote>\n<\/div><\/div>\n<\/div>\n\n\n\n<div class=\"wp-block-group has-nv-site-bg-background-color has-background\"><div class=\"wp-block-group__inner-container is-layout-constrained wp-block-group-is-layout-constrained\">\n<div style=\"height:50px\" aria-hidden=\"true\" class=\"wp-block-spacer\"><\/div>\n\n\n\n<p class=\"has-text-align-center has-neve-link-color-color has-nv-site-bg-background-color has-text-color has-background has-link-color has-medium-font-size wp-elements-c503b7928d9fcd3cc8fc0aeead24e251\">K\u00e2r amac\u0131 g\u00fctmeyen Azubiwerk Vakf\u0131, \"Stajyerler i\u00e7in uygun fiyatl\u0131 konuttan daha fazlas\u0131\" slogan\u0131na sad\u0131k kalarak uygun fiyatl\u0131 konutlar yaratmakta ve ayn\u0131 zamanda stajyerler i\u00e7in e\u011fitim dan\u0131\u015fmanl\u0131\u011f\u0131 ve destek hizmetleri sunmaktad\u0131r.<br><br>Y\u00fcksek kira maliyetleri nedeniyle, mesleki e\u011fitim g\u00f6ren gen\u00e7lerin e\u011fitim yerlerine yak\u0131n bir yerde ya\u015famalar\u0131 pek m\u00fcmk\u00fcn de\u011fildir. Berlin, M\u00fcnih veya Hamburg gibi cazip \u015fehirler, e\u011fitim g\u00f6ren gen\u00e7ler i\u00e7in giderek daha kar\u015f\u0131lanamaz hale geliyor. Bu durum, i\u015fg\u00fcc\u00fc piyasas\u0131n\u0131n talep etti\u011fi hareketlilikle tam bir tezat olu\u015fturmaktad\u0131r. Bir\u00e7ok b\u00fcy\u00fck \u015fehirdeki konut s\u0131k\u0131nt\u0131s\u0131, orada \u00e7\u0131rakl\u0131k e\u011fitimine ba\u015flamamak i\u00e7in giderek bir kriter haline geliyor.<br><br>Azubiwerk Vakf\u0131 bu nedenle 2016 y\u0131l\u0131ndan bu yana Hamburg-Wandsbek'te 156 stajyer i\u00e7in bir konut kompleksi i\u015fletmektedir. Vak\u0131f, 2020'nin ba\u015f\u0131nda Hamburg-Harburg'da 191 ki\u015filik ikinci bir konutu tamamlad\u0131, M\u00fcnzviertel'de (Hamburg-Mitte) 209 ki\u015filik \u00fc\u00e7\u00fcnc\u00fc konut 2022'de tamamland\u0131 ve Hamburg-Altona'daki d\u00f6rd\u00fcnc\u00fc konutumuz bu y\u0131l tamamlanacak. Ba\u015fka konut kompleksleri de planlanmaktad\u0131r.<br>E\u011fitim deste\u011finin yan\u0131 s\u0131ra, uygun kiralar ve geni\u015f ortak kullan\u0131m alanlar\u0131 da konut teklifinin \u00f6nemli bir par\u00e7as\u0131d\u0131r.<br><br>\u00c7ok say\u0131da sponsor, politikac\u0131, sosyal ortak, oda ve derne\u011fin yan\u0131 s\u0131ra \u015firketlerle birlikte gelecekte daha fazla stajyere bir yuva ve destek sunmak istiyoruz. Bu \u015fekilde Almanya'da mesleki e\u011fitimin cazibesini daha da artt\u0131rmak i\u00e7in \u00fczerimize d\u00fc\u015feni yap\u0131yoruz.<\/p>\n<\/div><\/div>\n\n\n\n<div id=\"standorte\" class=\"wp-block-group iframemap margin_bot_50 is-vertical is-content-justification-center is-layout-flex wp-container-core-group-is-layout-11 wp-block-group-is-layout-flex\">\n<!DOCTYPE html>\n<style>\n  body {\n      margin: 0;\n      \/* Entfernt den Standardabstand des Body-Elements *\/\n  }\n\n  #overlay {\n      display: flex;\n      position: absolute;\n      top: 0;\n      left: 0;\n      width: 100%;\n      height: 100%;\n      background: rgba(0, 29, 63, 0.6);\n      color: #fff;\n      justify-content: center;\n      align-items: center;\n      text-align: center;\n      z-index: 1000;\n      cursor: pointer;\n  }\n\n  #myFrame {\n      position: absolute;\n      top: 0;\n      left: 0;\n      width: 100%;\n      height: 600px;\n      border: none;\n  }\n\n  #container {\n      position: relative;\n      width: 100%;\n      height: 600px;\n      margin-bottom: 2.8em;  }\n\n<\/style>\n\n<body>\n  <div id=\"container\">\n      <div id=\"overlay\" onclick=\"loadFrame()\"><\/div>\n      <iframe id=\"myFrame\" src=\"https:\/\/www.google.com\/maps\/d\/embed?mid=1FreIV9WutpmDUPF42nWeuAGhsLNWqxs&#038;ehbc=2E312F&#038;noprof=1\"><\/iframe>\n  <\/div>\n\n  <script>\n      function loadFrame() {\n          document.getElementById('overlay').style.display = 'none';\n          document.getElementById('myFrame').style.display = 'block';\n      }\n\n      document.addEventListener('DOMContentLoaded', function () {\n          document.getElementById('overlay').style.display = 'flex';\n      });\n  <\/script>\n<\/body>\n<\/div>","protected":false},"excerpt":{"rendered":"<p>Leben im Azubiwerk Das Wohnen in kleinen WGs und die vielen Gemeinschaftsfl\u00e4chen und -aktivit\u00e4ten machen unser Haus zu mehr als einer Sammlung von Wohnungen \u2013 es ist ein echtes Zuhause mit einem starken sozialen Umfeld und das nicht am Rande der Metropole, sondern verkehrsg\u00fcnstig mitten in der Stadt gelegen. Fragen\/Antworten Fragen und Antworten rund um&hellip;&nbsp;<a href=\"https:\/\/azubiwerk.de\/tr\/\" rel=\"bookmark\">DAHA FAZLASI<span class=\"screen-reader-text\">Ev<\/span><\/a><\/p>","protected":false},"author":1,"featured_media":0,"parent":0,"menu_order":0,"comment_status":"closed","ping_status":"closed","template":"","meta":{"neve_meta_sidebar":"","neve_meta_container":"","neve_meta_enable_content_width":"","neve_meta_content_width":0,"neve_meta_title_alignment":"","neve_meta_author_avatar":"","neve_post_elements_order":"","neve_meta_disable_header":"","neve_meta_disable_footer":"","neve_meta_disable_title":"","neve_meta_reading_time":"","footnotes":""},"class_list":["post-169","page","type-page","status-publish","hentry"],"_links":{"self":[{"href":"https:\/\/azubiwerk.de\/tr\/wp-json\/wp\/v2\/pages\/169","targetHints":{"allow":["GET"]}}],"collection":[{"href":"https:\/\/azubiwerk.de\/tr\/wp-json\/wp\/v2\/pages"}],"about":[{"href":"https:\/\/azubiwerk.de\/tr\/wp-json\/wp\/v2\/types\/page"}],"author":[{"embeddable":true,"href":"https:\/\/azubiwerk.de\/tr\/wp-json\/wp\/v2\/users\/1"}],"replies":[{"embeddable":true,"href":"https:\/\/azubiwerk.de\/tr\/wp-json\/wp\/v2\/comments?post=169"}],"version-history":[{"count":305,"href":"https:\/\/azubiwerk.de\/tr\/wp-json\/wp\/v2\/pages\/169\/revisions"}],"predecessor-version":[{"id":2416,"href":"https:\/\/azubiwerk.de\/tr\/wp-json\/wp\/v2\/pages\/169\/revisions\/2416"}],"wp:attachment":[{"href":"https:\/\/azubiwerk.de\/tr\/wp-json\/wp\/v2\/media?parent=169"}],"curies":[{"name":"wp","href":"https:\/\/api.w.org\/{rel}","templated":true}]}}