{"id":169,"date":"2023-11-21T15:58:14","date_gmt":"2023-11-21T14:58:14","guid":{"rendered":"https:\/\/azubiwerk.de\/?page_id=169"},"modified":"2025-05-05T08:33:56","modified_gmt":"2025-05-05T06:33:56","slug":"home","status":"publish","type":"page","link":"https:\/\/azubiwerk.de\/es\/","title":{"rendered":"Inicio"},"content":{"rendered":"<div class=\"wp-block-group background-gradient1 has-neve-link-color-background-color has-background has-x-large-font-size\"><div class=\"wp-block-group__inner-container is-layout-constrained wp-block-group-is-layout-constrained\">\n<figure class=\"wp-block-gallery has-nested-images columns-4 is-cropped width85 wp-block-gallery-1 is-layout-flex wp-block-gallery-is-layout-flex\" style=\"padding-top:var(--wp--preset--spacing--70);padding-right:var(--wp--preset--spacing--30);padding-bottom:var(--wp--preset--spacing--70);padding-left:var(--wp--preset--spacing--30)\">\n<figure class=\"wp-block-image size-full has-custom-border padding1_5 is-style-rounded\"><a href=\"https:\/\/azubiwerk.de\/es\/zimmer\/\"><img loading=\"lazy\" decoding=\"async\" width=\"2560\" height=\"1707\" src=\"https:\/\/azubiwerk.de\/wp-content\/uploads\/2024\/01\/IMG_3074-2-scaled.jpg\" alt=\"\" class=\"wp-image-1226\" style=\"border-style:none;border-width:0px\" srcset=\"https:\/\/azubiwerk.de\/wp-content\/uploads\/2024\/01\/IMG_3074-2-scaled.jpg 2560w, https:\/\/azubiwerk.de\/wp-content\/uploads\/2024\/01\/IMG_3074-2-300x200.jpg 300w, https:\/\/azubiwerk.de\/wp-content\/uploads\/2024\/01\/IMG_3074-2-1024x683.jpg 1024w, https:\/\/azubiwerk.de\/wp-content\/uploads\/2024\/01\/IMG_3074-2-768x512.jpg 768w, https:\/\/azubiwerk.de\/wp-content\/uploads\/2024\/01\/IMG_3074-2-1536x1024.jpg 1536w, https:\/\/azubiwerk.de\/wp-content\/uploads\/2024\/01\/IMG_3074-2-2048x1365.jpg 2048w, https:\/\/azubiwerk.de\/wp-content\/uploads\/2024\/01\/IMG_3074-2-18x12.jpg 18w, https:\/\/azubiwerk.de\/wp-content\/uploads\/2024\/01\/IMG_3074-2-930x620.jpg 930w\" sizes=\"auto, (max-width: 2560px) 100vw, 2560px\" \/><\/a><figcaption class=\"wp-element-caption\">Habitaci\u00f3nes<\/figcaption><\/figure>\n\n\n\n<figure class=\"wp-block-image size-full padding1_5 is-style-rounded\"><a href=\"https:\/\/azubiwerk.de\/es\/#standorte\"><img loading=\"lazy\" decoding=\"async\" width=\"985\" height=\"945\" src=\"https:\/\/azubiwerk.de\/wp-content\/uploads\/2023\/12\/standorte.png\" alt=\"\" class=\"wp-image-1169\" srcset=\"https:\/\/azubiwerk.de\/wp-content\/uploads\/2023\/12\/standorte.png 985w, https:\/\/azubiwerk.de\/wp-content\/uploads\/2023\/12\/standorte-300x288.png 300w, https:\/\/azubiwerk.de\/wp-content\/uploads\/2023\/12\/standorte-768x737.png 768w, https:\/\/azubiwerk.de\/wp-content\/uploads\/2023\/12\/standorte-13x12.png 13w\" sizes=\"auto, (max-width: 985px) 100vw, 985px\" \/><\/a><figcaption class=\"wp-element-caption\">Ubicaciones<\/figcaption><\/figure>\n\n\n\n<figure class=\"wp-block-image size-full padding1_5 is-style-rounded\"><a href=\"\/es\/karriere\/\"><img loading=\"lazy\" decoding=\"async\" width=\"1000\" height=\"1000\" src=\"https:\/\/azubiwerk.de\/wp-content\/uploads\/2024\/03\/empfang.jpg\" alt=\"\" class=\"wp-image-2004\" srcset=\"https:\/\/azubiwerk.de\/wp-content\/uploads\/2024\/03\/empfang.jpg 1000w, https:\/\/azubiwerk.de\/wp-content\/uploads\/2024\/03\/empfang-300x300.jpg 300w, https:\/\/azubiwerk.de\/wp-content\/uploads\/2024\/03\/empfang-150x150.jpg 150w, https:\/\/azubiwerk.de\/wp-content\/uploads\/2024\/03\/empfang-768x768.jpg 768w, https:\/\/azubiwerk.de\/wp-content\/uploads\/2024\/03\/empfang-12x12.jpg 12w\" sizes=\"auto, (max-width: 1000px) 100vw, 1000px\" \/><\/a><figcaption class=\"wp-element-caption\">Carrera profesional<\/figcaption><\/figure>\n\n\n\n<figure class=\"wp-block-image size-full padding1_5 is-style-rounded\"><a href=\"\/es\/stiftung\/\"><img loading=\"lazy\" decoding=\"async\" width=\"800\" height=\"800\" src=\"https:\/\/azubiwerk.de\/wp-content\/uploads\/2024\/02\/muenzviertel_quadrat.jpg\" alt=\"\" class=\"wp-image-1872\" srcset=\"https:\/\/azubiwerk.de\/wp-content\/uploads\/2024\/02\/muenzviertel_quadrat.jpg 800w, https:\/\/azubiwerk.de\/wp-content\/uploads\/2024\/02\/muenzviertel_quadrat-300x300.jpg 300w, https:\/\/azubiwerk.de\/wp-content\/uploads\/2024\/02\/muenzviertel_quadrat-150x150.jpg 150w, https:\/\/azubiwerk.de\/wp-content\/uploads\/2024\/02\/muenzviertel_quadrat-768x768.jpg 768w, https:\/\/azubiwerk.de\/wp-content\/uploads\/2024\/02\/muenzviertel_quadrat-12x12.jpg 12w\" sizes=\"auto, (max-width: 800px) 100vw, 800px\" \/><\/a><figcaption class=\"wp-element-caption\">Fundaci\u00f3n<\/figcaption><\/figure>\n<\/figure>\n<\/div><\/div>\n\n\n\n<div class=\"wp-block-group padding2_5 background-gradient2 has-nv-c-1-background-color has-background has-small-font-size\"><div class=\"wp-block-group__inner-container is-layout-constrained wp-block-group-is-layout-constrained\">\n<h2 class=\"wp-block-heading alignfull has-text-align-center has-large-font-size\" style=\"text-transform:none\">La vida en la Azubiwerk<\/h2>\n\n\n\n<p class=\"has-text-align-center has-medium-font-size\">Vivir en peque\u00f1os pisos compartidos y las numerosas zonas y actividades comunes hacen de nuestro edificio algo m\u00e1s que un conjunto de pisos: es un verdadero hogar con un fuerte ambiente social, no en las afueras de la metr\u00f3poli, sino convenientemente situado en el centro de la ciudad.<\/p>\n\n\n\n<div class=\"wp-block-group\"><div class=\"wp-block-group__inner-container is-layout-constrained wp-block-group-is-layout-constrained\">\n<h1 class=\"wp-block-heading\">Preguntas\/Respuestas<\/h1>\n\n\n\n<p class=\"has-medium-font-size\">Preguntas y respuestas sobre solicitudes, contratos de alquiler, residencias estudiantiles e instalaciones.<\/p>\n\n\n\n<div class=\"wp-block-group has-nv-text-dark-bg-color has-neve-link-color-background-color has-text-color has-background has-link-color wp-elements-3bfa1ffb1701f9665cb6aef1cebc4d56\" style=\"padding-right:var(--wp--preset--spacing--30);padding-left:var(--wp--preset--spacing--30)\"><div class=\"wp-block-group__inner-container is-layout-constrained wp-container-core-group-is-layout-2 wp-block-group-is-layout-constrained\">\n<div style=\"height:55px\" aria-hidden=\"true\" class=\"wp-block-spacer\"><\/div>\n\n\n\n<h2 class=\"wp-block-heading\" style=\"padding-top:var(--wp--preset--spacing--30);padding-right:var(--wp--preset--spacing--30);padding-bottom:var(--wp--preset--spacing--30);padding-left:var(--wp--preset--spacing--30)\">Aplicaci\u00f3n<\/h2>\n\n\n\n<details class=\"wp-block-details is-layout-flow wp-block-details-is-layout-flow\" style=\"padding-top:var(--wp--preset--spacing--30);padding-right:var(--wp--preset--spacing--40);padding-bottom:var(--wp--preset--spacing--30);padding-left:var(--wp--preset--spacing--40)\"><summary><strong>\u00bfQui\u00e9n puede solicitarlo?<\/strong><\/summary>\n<p>Todos los becarios pueden presentar su candidatura, es decir, si tiene un contrato de formaci\u00f3n o est\u00e1 a punto de firmar uno, puede presentar su candidatura. Su empleador o empresa de formaci\u00f3n debe estar ubicada en Hamburgo. La formaci\u00f3n debe estar reconocida por el Estado, independientemente de si se trata de formaci\u00f3n escolar o dual. Debes tener al menos 16 a\u00f1os y no m\u00e1s de 26. Puedes vivir en nuestra residencia de Wandsbek a partir de los 16 a\u00f1os. En nuestra residencia de Harburg s\u00f3lo pueden vivir estudiantes adultos (18 a\u00f1os como m\u00ednimo). Los estudiantes no obtienen habitaciones con nosotros, pero pueden solicitar una habitaci\u00f3n en el Studierendenwerk.<\/p>\n<\/details>\n\n\n\n<details class=\"wp-block-details is-layout-flow wp-block-details-is-layout-flow\" style=\"padding-top:var(--wp--preset--spacing--30);padding-right:var(--wp--preset--spacing--40);padding-bottom:var(--wp--preset--spacing--30);padding-left:var(--wp--preset--spacing--40)\"><summary><strong>\u00bfC\u00f3mo puedo solicitarlo?<\/strong><\/summary>\n<p>Las solicitudes s\u00f3lo pueden presentarse a trav\u00e9s del formulario de solicitud:&nbsp;<a href=\"https:\/\/azubiwerk-hamburg.de\/standorte\/zimmerbewerbung\/\"><strong>al formulario de solicitud<\/strong><\/a><\/p>\n<\/details>\n\n\n\n<details class=\"wp-block-details is-layout-flow wp-block-details-is-layout-flow\" style=\"padding-top:var(--wp--preset--spacing--30);padding-right:var(--wp--preset--spacing--40);padding-bottom:var(--wp--preset--spacing--30);padding-left:var(--wp--preset--spacing--40)\"><summary><strong>\u00bfQu\u00e9 criterios se utilizan para adjudicar los compromisos?<\/strong><\/summary>\n<p>Asignamos las habitaciones en funci\u00f3n de criterios sociales, como el lugar de residencia anterior, la edad o el tama\u00f1o de la empresa de formaci\u00f3n.<\/p>\n<\/details>\n\n\n\n<details class=\"wp-block-details is-layout-flow wp-block-details-is-layout-flow\" style=\"padding-top:var(--wp--preset--spacing--30);padding-right:var(--wp--preset--spacing--40);padding-bottom:var(--wp--preset--spacing--30);padding-left:var(--wp--preset--spacing--40)\"><summary><strong>\u00bfCu\u00e1ndo recibir\u00e9 respuesta a mi solicitud sobre si he sido aceptado?<\/strong><\/summary>\n<p>In der Regel antworten wir auf Bewerbungen innerhalb von vier Woche. Du bekommst entweder eine Absage, die Info, dass du auf der Warteliste bist, oder wirst ins weitere Verfahren aufgenommen.<\/p>\n<\/details>\n\n\n\n<details class=\"wp-block-details is-layout-flow wp-block-details-is-layout-flow\" style=\"padding-top:var(--wp--preset--spacing--30);padding-right:var(--wp--preset--spacing--40);padding-bottom:var(--wp--preset--spacing--30);padding-left:var(--wp--preset--spacing--40)\"><summary><strong>Si estoy en lista de espera, \u00bfrecibir\u00e9 m\u00e1s tarde una aceptaci\u00f3n o una cancelaci\u00f3n?<\/strong><\/summary>\n<p>Lamentablemente, todav\u00eda no podemos hacer ninguna declaraci\u00f3n sobre sus posibilidades de obtener una plaza. Como hemos registrado sus datos, de momento permanecer\u00e1 en la lista de espera y le informaremos peri\u00f3dicamente.<\/p>\n<\/details>\n\n\n\n<details class=\"wp-block-details is-layout-flow wp-block-details-is-layout-flow\" style=\"padding-top:var(--wp--preset--spacing--30);padding-right:var(--wp--preset--spacing--40);padding-bottom:var(--wp--preset--spacing--30);padding-left:var(--wp--preset--spacing--40)\"><summary><strong>Mis datos han cambiado en el transcurso de la solicitud (por ejemplo, ha cambiado la empresa de formaci\u00f3n): \u00bfy ahora qu\u00e9?<\/strong><\/summary>\n<p>En caso de modificaciones o correcciones, los datos modificados deber\u00e1n enviarse sin demora por correo electr\u00f3nico a&nbsp;<a href=\"mailto:info@azubiwerk.de\">zimmer@azubiwerk.de<\/a>&nbsp;para que podamos introducirlos en el sistema. Importante: Si es necesario, necesitamos un mensaje de correo electr\u00f3nico que indique que el formulario antiguo debe cancelarse y que usted enviar\u00e1 uno nuevo.<\/p>\n<\/details>\n\n\n\n<details class=\"wp-block-details is-layout-flow wp-block-details-is-layout-flow\" style=\"padding-top:var(--wp--preset--spacing--30);padding-right:var(--wp--preset--spacing--40);padding-bottom:var(--wp--preset--spacing--30);padding-left:var(--wp--preset--spacing--40)\"><summary><strong>Me han admitido a tr\u00e1mite, \u00bfqu\u00e9 tengo que hacer ahora?<\/strong><\/summary>\n<p>Ahora est\u00e1 en la lista de preseleccionados para las pr\u00f3ximas habitaciones disponibles. A continuaci\u00f3n, recibir\u00e1 un enlace a un formulario en el que le pediremos m\u00e1s informaci\u00f3n. Deber\u00e1 responder en el plazo de una semana. Importante: La inclusi\u00f3n en el procedimiento posterior no es una confirmaci\u00f3n vinculante de la habitaci\u00f3n.<\/p>\n<\/details>\n\n\n\n<details class=\"wp-block-details is-layout-flow wp-block-details-is-layout-flow\" style=\"padding-top:var(--wp--preset--spacing--30);padding-right:var(--wp--preset--spacing--40);padding-bottom:var(--wp--preset--spacing--30);padding-left:var(--wp--preset--spacing--40)\"><summary><strong>A\u00fan no he firmado mi contrato de formaci\u00f3n, \u00bfy ahora qu\u00e9?<\/strong><\/summary>\n<p>Si su contrato de formaci\u00f3n a\u00fan no est\u00e1 disponible, puede presentar alternativamente una carta de confirmaci\u00f3n de su futura empresa de formaci\u00f3n en la que se indique que va a formarse all\u00ed.<\/p>\n<\/details>\n\n\n\n<div style=\"height:55px\" aria-hidden=\"true\" class=\"wp-block-spacer\"><\/div>\n<\/div><\/div>\n\n\n\n<div class=\"wp-block-group\" style=\"padding-right:var(--wp--preset--spacing--30);padding-left:var(--wp--preset--spacing--30)\"><div class=\"wp-block-group__inner-container is-layout-constrained wp-container-core-group-is-layout-3 wp-block-group-is-layout-constrained\">\n<div style=\"height:55px\" aria-hidden=\"true\" class=\"wp-block-spacer\"><\/div>\n\n\n\n<h2 class=\"wp-block-heading\" style=\"padding-top:var(--wp--preset--spacing--30);padding-right:var(--wp--preset--spacing--30);padding-bottom:var(--wp--preset--spacing--30);padding-left:var(--wp--preset--spacing--30);text-transform:capitalize\">Contrato de alquiler<\/h2>\n\n\n\n<details class=\"wp-block-details is-layout-flow wp-block-details-is-layout-flow\" style=\"padding-top:var(--wp--preset--spacing--30);padding-right:var(--wp--preset--spacing--30);padding-bottom:var(--wp--preset--spacing--30);padding-left:var(--wp--preset--spacing--30)\"><summary><strong>\u00bfPuedo obtener un contrato de alquiler si no tengo un contrato de formaci\u00f3n pero sigo haciendo entrevistas de trabajo?<\/strong><\/summary>\n<p>Si a\u00fan no dispone de un contrato de formaci\u00f3n o de la confirmaci\u00f3n de una empresa de formaci\u00f3n, no se podr\u00e1 celebrar ning\u00fan contrato de alquiler. Su nombre volver\u00e1 a figurar en la lista de espera.<\/p>\n<\/details>\n\n\n\n<details class=\"wp-block-details is-layout-flow wp-block-details-is-layout-flow\" style=\"padding-top:var(--wp--preset--spacing--30);padding-right:var(--wp--preset--spacing--30);padding-bottom:var(--wp--preset--spacing--30);padding-left:var(--wp--preset--spacing--30)\"><summary><strong>He presentado todos los documentos: \u00bfcu\u00e1ndo se firmar\u00e1n los contratos de alquiler?<\/strong><\/summary>\n<p>Una vez que hayamos recibido y comprobado todos sus documentos, le tendremos en cuenta para la siguiente asignaci\u00f3n de habitaciones. Por lo general, recibir\u00e1 m\u00e1s informaci\u00f3n al cabo de 2-4 semanas. Importante: La inclusi\u00f3n en el procedimiento posterior no supone una asignaci\u00f3n de habitaci\u00f3n vinculante.<\/p>\n<\/details>\n\n\n\n<details class=\"wp-block-details is-layout-flow wp-block-details-is-layout-flow\" style=\"padding-top:var(--wp--preset--spacing--30);padding-right:var(--wp--preset--spacing--30);padding-bottom:var(--wp--preset--spacing--30);padding-left:var(--wp--preset--spacing--30)\"><summary><strong>Si no puedo transferir la totalidad del dep\u00f3sito, \u00bfqu\u00e9 debo hacer?<\/strong><\/summary>\n<p>La fianza, al igual que el alquiler, debe pagarse siempre en su totalidad. Si tienes dificultades econ\u00f3micas, puedes obtener un pr\u00e9stamo de la Agencia de Empleo. Para ello, ponte en contacto con la Agencia de Empleo Juvenil:&nbsp;<a href=\"http:\/\/www.jba-hamburg.de\/\">Pulse aqu\u00ed<\/a>.<\/p>\n<\/details>\n\n\n\n<details class=\"wp-block-details is-layout-flow wp-block-details-is-layout-flow\" style=\"padding-top:var(--wp--preset--spacing--30);padding-right:var(--wp--preset--spacing--30);padding-bottom:var(--wp--preset--spacing--30);padding-left:var(--wp--preset--spacing--30)\"><summary><strong>\u00bfPuedo elegir habitaci\u00f3n o se me asignar\u00e1 una?<\/strong><\/summary>\n<p>Nos esforzamos por tener en cuenta todas las solicitudes. Sin embargo, podemos decidir lo contrario en inter\u00e9s de la composici\u00f3n del piso.<\/p>\n<\/details>\n\n\n\n<details class=\"wp-block-details is-layout-flow wp-block-details-is-layout-flow\" style=\"padding-top:var(--wp--preset--spacing--30);padding-right:var(--wp--preset--spacing--30);padding-bottom:var(--wp--preset--spacing--30);padding-left:var(--wp--preset--spacing--30)\"><summary><strong>\u00bfPuedo elegir con qui\u00e9n compartir piso?<\/strong><\/summary>\n<p>En principio, tambi\u00e9n intentaremos tener en cuenta su solicitud de un compa\u00f1ero de piso concreto (si lo especifica por su nombre). No obstante, es posible que decidamos lo contrario, ya que de lo contrario la asignaci\u00f3n de habitaciones no funcionar\u00eda.<\/p>\n<\/details>\n\n\n\n<details class=\"wp-block-details is-layout-flow wp-block-details-is-layout-flow\" style=\"padding-top:var(--wp--preset--spacing--30);padding-right:var(--wp--preset--spacing--30);padding-bottom:var(--wp--preset--spacing--30);padding-left:var(--wp--preset--spacing--30)\"><summary><strong>\u00bfPueden decirme qui\u00e9n m\u00e1s vivir\u00e1 en mi piso compartido antes de que firme el contrato de alquiler o me mude?<\/strong><\/summary>\n<p>Lamentablemente, por motivos de protecci\u00f3n de datos, no podemos facilitarle los nombres y datos de contacto de los futuros compa\u00f1eros de piso.<\/p>\n<\/details>\n\n\n\n<details class=\"wp-block-details is-layout-flow wp-block-details-is-layout-flow\" style=\"padding-top:var(--wp--preset--spacing--30);padding-right:var(--wp--preset--spacing--30);padding-bottom:var(--wp--preset--spacing--30);padding-left:var(--wp--preset--spacing--30)\"><summary><strong>\u00bfPuedo cambiar de habitaci\u00f3n durante el periodo de ocupaci\u00f3n?<\/strong><\/summary>\n<p>Esto s\u00f3lo es posible en casos excepcionales justificados.<\/p>\n<\/details>\n\n\n\n<details class=\"wp-block-details is-layout-flow wp-block-details-is-layout-flow\" style=\"padding-top:var(--wp--preset--spacing--30);padding-right:var(--wp--preset--spacing--30);padding-bottom:var(--wp--preset--spacing--30);padding-left:var(--wp--preset--spacing--30)\"><summary><strong>\u00bfCu\u00e1l es la duraci\u00f3n del contrato de alquiler?<\/strong><\/summary>\n<p>La duraci\u00f3n del contrato de alquiler es siempre hasta el final del programa de formaci\u00f3n m\u00e1s 3 meses.<\/p>\n<\/details>\n\n\n\n<details class=\"wp-block-details is-layout-flow wp-block-details-is-layout-flow\" style=\"padding-top:var(--wp--preset--spacing--30);padding-right:var(--wp--preset--spacing--30);padding-bottom:var(--wp--preset--spacing--30);padding-left:var(--wp--preset--spacing--30)\"><summary><strong>\u00bfCu\u00e1l es el plazo de anulaci\u00f3n?<\/strong><\/summary>\n<p>De conformidad con las disposiciones legales, el contrato de arrendamiento puede rescindirse el tercer d\u00eda laborable de un mes natural para el final del mes natural siguiente. Esto significa, por ejemplo Si rescinde el contrato de arrendamiento a m\u00e1s tardar el 3 de abril, el contrato durar\u00e1 hasta finales de junio.<\/p>\n<\/details>\n\n\n\n<details class=\"wp-block-details is-layout-flow wp-block-details-is-layout-flow\" style=\"padding-top:var(--wp--preset--spacing--30);padding-right:var(--wp--preset--spacing--30);padding-bottom:var(--wp--preset--spacing--30);padding-left:var(--wp--preset--spacing--30)\"><summary><strong>\u00bfQu\u00e9 costes se suman a los del alquiler?<\/strong><\/summary>\n<p>El alquiler con todo incluido incluye todos los gastos accesorios (calefacci\u00f3n, agua, basura, etc.), electricidad, internet y tel\u00e9fono.<\/p>\n<\/details>\n\n\n\n<details class=\"wp-block-details is-layout-flow wp-block-details-is-layout-flow\" style=\"padding-top:var(--wp--preset--spacing--30);padding-right:var(--wp--preset--spacing--30);padding-bottom:var(--wp--preset--spacing--30);padding-left:var(--wp--preset--spacing--30)\"><summary><strong>En el contrato de alquiler, se supone que debo firmar una autorizaci\u00f3n de domiciliaci\u00f3n bancaria o un mandato de domiciliaci\u00f3n SEPA por 30 euros\/mes. \u00bfPor qu\u00e9?<\/strong><\/summary>\n<p>Con su firma nos da la posibilidad, en caso necesario, de cargar en su cuenta los alquileres atrasados por un importe m\u00e1ximo de 30 euros al mes. Si desea comprar algo en Azubiwerk (por ejemplo, un jersey con un estampado), tambi\u00e9n podemos cargar el dinero en su cuenta. No se trata de una domiciliaci\u00f3n peri\u00f3dica, sino que usted s\u00f3lo nos autoriza a realizarla previo aviso.<\/p>\n<\/details>\n\n\n\n<div style=\"height:55px\" aria-hidden=\"true\" class=\"wp-block-spacer\"><\/div>\n<\/div><\/div>\n\n\n\n<div class=\"wp-block-group has-nv-text-dark-bg-color has-neve-link-color-background-color has-text-color has-background has-link-color wp-elements-48eb9dfa74979181b9576ba86c2a25c0\" style=\"padding-right:var(--wp--preset--spacing--30);padding-left:var(--wp--preset--spacing--30)\"><div class=\"wp-block-group__inner-container is-layout-constrained wp-container-core-group-is-layout-4 wp-block-group-is-layout-constrained\">\n<div style=\"height:55px\" aria-hidden=\"true\" class=\"wp-block-spacer\"><\/div>\n\n\n\n<h2 class=\"wp-block-heading\" style=\"padding-top:var(--wp--preset--spacing--30);padding-right:var(--wp--preset--spacing--30);padding-bottom:var(--wp--preset--spacing--30);padding-left:var(--wp--preset--spacing--30);text-transform:capitalize\">Residencias<\/h2>\n\n\n\n<details class=\"wp-block-details is-layout-flow wp-block-details-is-layout-flow\" style=\"padding-top:var(--wp--preset--spacing--30);padding-right:var(--wp--preset--spacing--30);padding-bottom:var(--wp--preset--spacing--30);padding-left:var(--wp--preset--spacing--30)\"><summary><strong><strong>\u00bfEn qu\u00e9 fecha puedo mudarme al piso si he especificado varias fechas?<\/strong><\/strong><\/summary>\n<p>Solemos elegir la fecha m\u00e1s temprana.<\/p>\n<\/details>\n\n\n\n<details class=\"wp-block-details is-layout-flow wp-block-details-is-layout-flow\" style=\"padding-top:var(--wp--preset--spacing--30);padding-right:var(--wp--preset--spacing--30);padding-bottom:var(--wp--preset--spacing--30);padding-left:var(--wp--preset--spacing--30)\"><summary><strong><strong>\u00bfHay normas de la casa?<\/strong><\/strong><\/summary>\n<p>S\u00ed, las normas de la casa se adjuntan al contrato de alquiler como anexo, junto con las normas de uso.<\/p>\n<\/details>\n\n\n\n<details class=\"wp-block-details is-layout-flow wp-block-details-is-layout-flow\" style=\"padding-top:var(--wp--preset--spacing--30);padding-right:var(--wp--preset--spacing--30);padding-bottom:var(--wp--preset--spacing--30);padding-left:var(--wp--preset--spacing--30)\"><summary><strong>\u00bfPuedo recibir visitas en la residencia?<\/strong><\/summary>\n<p>En principio, puedes recibir visitas en la residencia, pero el reglamento de la casa y las normas de uso estipulan ciertas normas. Por ejemplo, los visitantes s\u00f3lo pueden pernoctar contigo un total de 8 d\u00edas al mes y no se pueden organizar fiestas en los pisos (las salas comunes est\u00e1n disponibles para ello).<\/p>\n<\/details>\n\n\n\n<details class=\"wp-block-details is-layout-flow wp-block-details-is-layout-flow\" style=\"padding-top:var(--wp--preset--spacing--30);padding-right:var(--wp--preset--spacing--30);padding-bottom:var(--wp--preset--spacing--30);padding-left:var(--wp--preset--spacing--30)\"><summary><strong>\u00bfD\u00f3nde puedo hacer la colada?<\/strong><\/summary>\n<p>Hay una lavander\u00eda con lavadoras y secadoras en el s\u00f3tano (de pago).<\/p>\n<\/details>\n\n\n\n<div style=\"height:55px\" aria-hidden=\"true\" class=\"wp-block-spacer\"><\/div>\n<\/div><\/div>\n<\/div><\/div>\n\n\n<div class=\"oxi-addons-container   oxi-addons-flipbox-template-style5\">        <div class=\"oxilab-flip-box-wrapper\">\n                                <div class=\"oxilab-flip-box-col-6 oxilab-flip-box-padding-1\"\n                        sa-data-animation=\"\"\n                        sa-data-animation-offset=\"100%\"\r\n                        sa-data-animation-delay=\"0ms\"\r\n                        sa-data-animation-duration=\" 30000ms\"\n                        >\r\n                        <div class=\"oxilab-flip-box-body-1 oxilab-flip-box-body-1-28\">\n                                                        <div class=\"oxilab-flip-box-body-absulote\">\n                                <div class=\"oxilab-flip-box-flip oxilab-flip-box-flip-top-to-bottom\">\n                                    <div class=\"oxilab-flip-box-style-data easing_easeInOutExpo\">\n                                        <div class=\"oxilab-flip-box-style\">\n                                            <div class=\"oxilab-flip-box-front\">\n                                                <div class=\"oxilab-flip-box-1\">\n                                                    <div class=\"oxilab-flip-box-1-data\">\n\n                                                    <\/div>\n                                                <\/div>\n                                            <\/div>\n                                            <div class=\"oxilab-flip-box-back\">\n                                                <div class=\"oxilab-flip-box-back-1\">\n                                                    <div class=\"oxilab-flip-box-back-1-data\">\n                                                        <div class=\"oxilab-heading\">\n                                                            RECEPCI\u00d3N                                                        <\/div>\n                                                        <div class=\"oxilab-info\">\n                                                            Nuestro personal de recepci\u00f3n estar\u00e1 encantado de ayudarle y asesorarle con cualquier duda que pueda tener.                                                        <\/div>\n                                                                                                            <\/div>\n                                                <\/div>\n                                            <\/div>\n                                        <\/div>\n                                    <\/div>\n                                <\/div>\n                            <\/div>\n                                                    <\/div>\n\n\n                        \n                    <\/div>\n                                        <div class=\"oxilab-flip-box-col-6 oxilab-flip-box-padding-1\"\n                        sa-data-animation=\"\"\n                        sa-data-animation-offset=\"100%\"\r\n                        sa-data-animation-delay=\"0ms\"\r\n                        sa-data-animation-duration=\" 30000ms\"\n                        >\r\n                        <div class=\"oxilab-flip-box-body-1 oxilab-flip-box-body-1-29\">\n                                                        <div class=\"oxilab-flip-box-body-absulote\">\n                                <div class=\"oxilab-flip-box-flip oxilab-flip-box-flip-top-to-bottom\">\n                                    <div class=\"oxilab-flip-box-style-data easing_easeInOutExpo\">\n                                        <div class=\"oxilab-flip-box-style\">\n                                            <div class=\"oxilab-flip-box-front\">\n                                                <div class=\"oxilab-flip-box-1\">\n                                                    <div class=\"oxilab-flip-box-1-data\">\n\n                                                    <\/div>\n                                                <\/div>\n                                            <\/div>\n                                            <div class=\"oxilab-flip-box-back\">\n                                                <div class=\"oxilab-flip-box-back-1\">\n                                                    <div class=\"oxilab-flip-box-back-1-data\">\n                                                        <div class=\"oxilab-heading\">\n                                                            EQUIPO                                                        <\/div>\n                                                        <div class=\"oxilab-info\">\n                                                            Nuestras habitaciones est\u00e1n totalmente amuebladas y modernamente equipadas.                                                        <\/div>\n                                                                                                            <\/div>\n                                                <\/div>\n                                            <\/div>\n                                        <\/div>\n                                    <\/div>\n                                <\/div>\n                            <\/div>\n                                                    <\/div>\n\n\n                        \n                    <\/div>\n                                        <div class=\"oxilab-flip-box-col-6 oxilab-flip-box-padding-1\"\n                        sa-data-animation=\"\"\n                        sa-data-animation-offset=\"100%\"\r\n                        sa-data-animation-delay=\"0ms\"\r\n                        sa-data-animation-duration=\" 30000ms\"\n                        >\r\n                        <div class=\"oxilab-flip-box-body-1 oxilab-flip-box-body-1-30\">\n                                                        <div class=\"oxilab-flip-box-body-absulote\">\n                                <div class=\"oxilab-flip-box-flip oxilab-flip-box-flip-top-to-bottom\">\n                                    <div class=\"oxilab-flip-box-style-data easing_easeInOutExpo\">\n                                        <div class=\"oxilab-flip-box-style\">\n                                            <div class=\"oxilab-flip-box-front\">\n                                                <div class=\"oxilab-flip-box-1\">\n                                                    <div class=\"oxilab-flip-box-1-data\">\n\n                                                    <\/div>\n                                                <\/div>\n                                            <\/div>\n                                            <div class=\"oxilab-flip-box-back\">\n                                                <div class=\"oxilab-flip-box-back-1\">\n                                                    <div class=\"oxilab-flip-box-back-1-data\">\n                                                        <div class=\"oxilab-heading\">\n                                                            UBICACIONES CENTRALES                                                        <\/div>\n                                                        <div class=\"oxilab-info\">\n                                                            Nuestras cuatro sedes est\u00e1n c\u00e9ntricas y muy bien comunicadas.                                                        <\/div>\n                                                                                                            <\/div>\n                                                <\/div>\n                                            <\/div>\n                                        <\/div>\n                                    <\/div>\n                                <\/div>\n                            <\/div>\n                                                    <\/div>\n\n\n                        \n                    <\/div>\n                                        <div class=\"oxilab-flip-box-col-6 oxilab-flip-box-padding-1\"\n                        sa-data-animation=\"\"\n                        sa-data-animation-offset=\"100%\"\r\n                        sa-data-animation-delay=\"0ms\"\r\n                        sa-data-animation-duration=\" 30000ms\"\n                        >\r\n                        <div class=\"oxilab-flip-box-body-1 oxilab-flip-box-body-1-31\">\n                                                        <div class=\"oxilab-flip-box-body-absulote\">\n                                <div class=\"oxilab-flip-box-flip oxilab-flip-box-flip-top-to-bottom\">\n                                    <div class=\"oxilab-flip-box-style-data easing_easeInOutExpo\">\n                                        <div class=\"oxilab-flip-box-style\">\n                                            <div class=\"oxilab-flip-box-front\">\n                                                <div class=\"oxilab-flip-box-1\">\n                                                    <div class=\"oxilab-flip-box-1-data\">\n\n                                                    <\/div>\n                                                <\/div>\n                                            <\/div>\n                                            <div class=\"oxilab-flip-box-back\">\n                                                <div class=\"oxilab-flip-box-back-1\">\n                                                    <div class=\"oxilab-flip-box-back-1-data\">\n                                                        <div class=\"oxilab-heading\">\n                                                            ESPACIO VITAL ASEQUIBLE                                                        <\/div>\n                                                        <div class=\"oxilab-info\">\n                                                            Alquilamos a precios que se ajustan al presupuesto de cualquier aprendiz.                                                        <\/div>\n                                                                                                            <\/div>\n                                                <\/div>\n                                            <\/div>\n                                        <\/div>\n                                    <\/div>\n                                <\/div>\n                            <\/div>\n                                                    <\/div>\n\n\n                        \n                    <\/div>\n                                        <div class=\"oxilab-flip-box-col-6 oxilab-flip-box-padding-1\"\n                        sa-data-animation=\"\"\n                        sa-data-animation-offset=\"100%\"\r\n                        sa-data-animation-delay=\"0ms\"\r\n                        sa-data-animation-duration=\" 30000ms\"\n                        >\r\n                        <div class=\"oxilab-flip-box-body-1 oxilab-flip-box-body-1-32\">\n                                                        <div class=\"oxilab-flip-box-body-absulote\">\n                                <div class=\"oxilab-flip-box-flip oxilab-flip-box-flip-top-to-bottom\">\n                                    <div class=\"oxilab-flip-box-style-data easing_easeInOutExpo\">\n                                        <div class=\"oxilab-flip-box-style\">\n                                            <div class=\"oxilab-flip-box-front\">\n                                                <div class=\"oxilab-flip-box-1\">\n                                                    <div class=\"oxilab-flip-box-1-data\">\n\n                                                    <\/div>\n                                                <\/div>\n                                            <\/div>\n                                            <div class=\"oxilab-flip-box-back\">\n                                                <div class=\"oxilab-flip-box-back-1\">\n                                                    <div class=\"oxilab-flip-box-back-1-data\">\n                                                        <div class=\"oxilab-heading\">\n                                                            COMUNIDAD                                                        <\/div>\n                                                        <div class=\"oxilab-info\">\n                                                            Ofrecemos espacio, ideas y oportunidades para una gran interacci\u00f3n entre todos los residentes.                                                        <\/div>\n                                                                                                            <\/div>\n                                                <\/div>\n                                            <\/div>\n                                        <\/div>\n                                    <\/div>\n                                <\/div>\n                            <\/div>\n                                                    <\/div>\n\n\n                        \n                    <\/div>\n                    \n\n        <\/div>\n        <\/div>\n\n\n\n<div class=\"wp-block-buttons is-horizontal is-content-justification-center is-layout-flex wp-container-core-buttons-is-layout-1 wp-block-buttons-is-layout-flex\">\n<div class=\"wp-block-button is-style-primary\"><a class=\"wp-block-button__link wp-element-button\" href=\"https:\/\/azubiwerk.de\/es\/zimmerbewerbung\/\" target=\"_blank\" rel=\"noreferrer noopener\">\u00a1M\u00daDESE AHORA!<\/a><\/div>\n<\/div>\n<\/div><\/div>\n\n\n\n<div class=\"wp-block-group padding2_5 background-gradient1 has-neve-link-color-background-color has-background is-content-justification-center is-layout-flex wp-container-core-group-is-layout-9 wp-block-group-is-layout-flex\">\n<div class=\"wp-block-group wp-container-content-2\"><div class=\"wp-block-group__inner-container is-layout-constrained wp-block-group-is-layout-constrained\"><div class=\"wp-block-image is-resized is-style-default\">\n<figure class=\"aligncenter size-full\"><img loading=\"lazy\" decoding=\"async\" width=\"277\" height=\"217\" src=\"https:\/\/azubiwerk.de\/wp-content\/uploads\/2024\/02\/sterne.png\" alt=\"\" class=\"wp-image-1737\" style=\"width:148px;height:auto\" srcset=\"https:\/\/azubiwerk.de\/wp-content\/uploads\/2024\/02\/sterne.png 277w, https:\/\/azubiwerk.de\/wp-content\/uploads\/2024\/02\/sterne-15x12.png 15w\" sizes=\"auto, (max-width: 277px) 100vw, 277px\" \/><\/figure><\/div>\n\n\n<blockquote class=\"wp-block-quote has-text-align-center is-style-large has-nv-text-dark-bg-color has-text-color has-link-color wp-elements-5876928e6fbf00971ebc518f32ab4ff1 is-layout-flow wp-block-quote-is-layout-flow\">\n<p>\"Gran residencia para estudiantes en pr\u00e1cticas. Hay pisos compartidos de 2 y 4 camas, con cocina y ba\u00f1o propios. Grandes salas comunes. Muy recomendable\".<\/p>\n<cite>- Tanja P.<\/cite><\/blockquote>\n<\/div><\/div>\n\n\n\n<div class=\"wp-block-group wp-container-content-3\"><div class=\"wp-block-group__inner-container is-layout-constrained wp-block-group-is-layout-constrained\"><div class=\"wp-block-image is-resized is-style-default\">\n<figure class=\"aligncenter size-full\"><img loading=\"lazy\" decoding=\"async\" width=\"277\" height=\"217\" src=\"https:\/\/azubiwerk.de\/wp-content\/uploads\/2024\/02\/sterne.png\" alt=\"\" class=\"wp-image-1737\" style=\"width:148px;height:auto\" srcset=\"https:\/\/azubiwerk.de\/wp-content\/uploads\/2024\/02\/sterne.png 277w, https:\/\/azubiwerk.de\/wp-content\/uploads\/2024\/02\/sterne-15x12.png 15w\" sizes=\"auto, (max-width: 277px) 100vw, 277px\" \/><\/figure><\/div>\n\n\n<blockquote class=\"wp-block-quote has-text-align-center is-style-large has-nv-text-dark-bg-color has-text-color has-link-color wp-elements-0e39435397e76085dc2dc271be5855c9 is-layout-flow wp-block-quote-is-layout-flow\">\n<p class=\"has-nv-text-dark-bg-color has-text-color has-link-color wp-elements-6d4488256c97323b0ea3e4c74d0ea75a\">\"Residencia extremadamente moderna y muy bien equipada. Grandes habitaciones, alquileres favorables y personal amable en el lugar. Muy recomendable\".<\/p>\n<cite>- Rune L.<\/cite><\/blockquote>\n<\/div><\/div>\n<\/div>\n\n\n\n<div class=\"wp-block-group has-nv-site-bg-background-color has-background\"><div class=\"wp-block-group__inner-container is-layout-constrained wp-block-group-is-layout-constrained\">\n<div style=\"height:50px\" aria-hidden=\"true\" class=\"wp-block-spacer\"><\/div>\n\n\n\n<p class=\"has-text-align-center has-neve-link-color-color has-nv-site-bg-background-color has-text-color has-background has-link-color has-medium-font-size wp-elements-c503b7928d9fcd3cc8fc0aeead24e251\">La Fundaci\u00f3n Azubiwerk, sin \u00e1nimo de lucro, crea viviendas asequibles y tambi\u00e9n ofrece asesoramiento educativo y servicios de apoyo a los becarios, fiel al lema: \"Algo m\u00e1s que viviendas asequibles para los becarios\".<br><br>Debido a los elevados costes de alquiler, a los j\u00f3venes en formaci\u00f3n profesional apenas les resulta posible vivir cerca de su lugar de formaci\u00f3n. Las ciudades atractivas, como Berl\u00edn, M\u00fanich o Hamburgo, son cada vez m\u00e1s inasequibles para los j\u00f3venes en formaci\u00f3n. Esto contrasta con la movilidad que exige el mercado laboral. La escasez de vivienda en muchas grandes ciudades se est\u00e1 convirtiendo cada vez m\u00e1s en un criterio para no iniciar all\u00ed un aprendizaje.<br><br>Por ello, la Fundaci\u00f3n Azubiwerk gestiona desde 2016 un complejo residencial para 156 aprendices en Hamburgo-Wandsbek. A principios de 2020, la fundaci\u00f3n complet\u00f3 un segundo hogar residencial en Hamburgo-Harburgo con 191 plazas, el tercer hogar residencial con 209 plazas en M\u00fcnzviertel (Hamburgo-Mitte) se complet\u00f3 en 2022 y nuestro cuarto hogar residencial en Hamburgo-Altona se completar\u00e1 este a\u00f1o. Se est\u00e1n planificando otros complejos residenciales.<br>Adem\u00e1s del apoyo educativo, los alquileres asequibles y las amplias zonas comunes son parte esencial de la oferta residencial.<br><br>Junto con muchos patrocinadores, pol\u00edticos, interlocutores sociales, c\u00e1maras y asociaciones, as\u00ed como empresas, queremos ofrecer a m\u00e1s aprendices un hogar y apoyo en el futuro. De este modo, ponemos nuestro granito de arena para seguir aumentando el atractivo de la formaci\u00f3n profesional en Alemania.<\/p>\n<\/div><\/div>\n\n\n\n<div id=\"standorte\" class=\"wp-block-group iframemap margin_bot_50 is-vertical is-content-justification-center is-layout-flex wp-container-core-group-is-layout-11 wp-block-group-is-layout-flex\">\n<!DOCTYPE html>\n<style>\n  body {\n      margin: 0;\n      \/* Entfernt den Standardabstand des Body-Elements *\/\n  }\n\n  #overlay {\n      display: flex;\n      position: absolute;\n      top: 0;\n      left: 0;\n      width: 100%;\n      height: 100%;\n      background: rgba(0, 29, 63, 0.6);\n      color: #fff;\n      justify-content: center;\n      align-items: center;\n      text-align: center;\n      z-index: 1000;\n      cursor: pointer;\n  }\n\n  #myFrame {\n      position: absolute;\n      top: 0;\n      left: 0;\n      width: 100%;\n      height: 600px;\n      border: none;\n  }\n\n  #container {\n      position: relative;\n      width: 100%;\n      height: 600px;\n      margin-bottom: 2.8em;  }\n\n<\/style>\n\n<body>\n  <div id=\"container\">\n      <div id=\"overlay\" onclick=\"loadFrame()\"><\/div>\n      <iframe id=\"myFrame\" src=\"https:\/\/www.google.com\/maps\/d\/embed?mid=1FreIV9WutpmDUPF42nWeuAGhsLNWqxs&#038;ehbc=2E312F&#038;noprof=1\"><\/iframe>\n  <\/div>\n\n  <script>\n      function loadFrame() {\n          document.getElementById('overlay').style.display = 'none';\n          document.getElementById('myFrame').style.display = 'block';\n      }\n\n      document.addEventListener('DOMContentLoaded', function () {\n          document.getElementById('overlay').style.display = 'flex';\n      });\n  <\/script>\n<\/body>\n<\/div>","protected":false},"excerpt":{"rendered":"<p>Leben im Azubiwerk Das Wohnen in kleinen WGs und die vielen Gemeinschaftsfl\u00e4chen und -aktivit\u00e4ten machen unser Haus zu mehr als einer Sammlung von Wohnungen \u2013 es ist ein echtes Zuhause mit einem starken sozialen Umfeld und das nicht am Rande der Metropole, sondern verkehrsg\u00fcnstig mitten in der Stadt gelegen. Fragen\/Antworten Fragen und Antworten rund um&hellip;&nbsp;<a href=\"https:\/\/azubiwerk.de\/es\/\" rel=\"bookmark\">M\u00c1S<span class=\"screen-reader-text\">Inicio<\/span><\/a><\/p>","protected":false},"author":1,"featured_media":0,"parent":0,"menu_order":0,"comment_status":"closed","ping_status":"closed","template":"","meta":{"neve_meta_sidebar":"","neve_meta_container":"","neve_meta_enable_content_width":"","neve_meta_content_width":0,"neve_meta_title_alignment":"","neve_meta_author_avatar":"","neve_post_elements_order":"","neve_meta_disable_header":"","neve_meta_disable_footer":"","neve_meta_disable_title":"","neve_meta_reading_time":"","footnotes":""},"class_list":["post-169","page","type-page","status-publish","hentry"],"_links":{"self":[{"href":"https:\/\/azubiwerk.de\/es\/wp-json\/wp\/v2\/pages\/169","targetHints":{"allow":["GET"]}}],"collection":[{"href":"https:\/\/azubiwerk.de\/es\/wp-json\/wp\/v2\/pages"}],"about":[{"href":"https:\/\/azubiwerk.de\/es\/wp-json\/wp\/v2\/types\/page"}],"author":[{"embeddable":true,"href":"https:\/\/azubiwerk.de\/es\/wp-json\/wp\/v2\/users\/1"}],"replies":[{"embeddable":true,"href":"https:\/\/azubiwerk.de\/es\/wp-json\/wp\/v2\/comments?post=169"}],"version-history":[{"count":305,"href":"https:\/\/azubiwerk.de\/es\/wp-json\/wp\/v2\/pages\/169\/revisions"}],"predecessor-version":[{"id":2416,"href":"https:\/\/azubiwerk.de\/es\/wp-json\/wp\/v2\/pages\/169\/revisions\/2416"}],"wp:attachment":[{"href":"https:\/\/azubiwerk.de\/es\/wp-json\/wp\/v2\/media?parent=169"}],"curies":[{"name":"wp","href":"https:\/\/api.w.org\/{rel}","templated":true}]}}